{"id":143,"date":"2021-12-30T09:10:07","date_gmt":"2021-12-30T09:10:07","guid":{"rendered":"https:\/\/efa-ge.de\/?page_id=143"},"modified":"2021-12-30T11:23:51","modified_gmt":"2021-12-30T11:23:51","slug":"ueber-uns","status":"publish","type":"page","link":"https:\/\/efa-ge.de\/al\/","title":{"rendered":"Kush jemi ne"},"content":{"rendered":"\n<p>Emri i klubit EFA do t\u00eb thot\u00eb gruaja dhe n\u00ebna e par\u00eb p\u00ebr t\u00eb gjith\u00eb njer\u00ebzit, pavar\u00ebsisht origjin\u00ebs apo fes\u00eb. Nj\u00eb grup grash t\u00eb p\u00ebrkushtuara nga e gjith\u00eb bota takohen n\u00eb shoqat\u00eb. K\u00ebta jan\u00eb specialist\u00eb nga profesione t\u00eb ndryshme sociale dhe vullnetar\u00eb q\u00eb kontribuojn\u00eb me p\u00ebrvoj\u00ebn e tyre jet\u00ebsore dhe mb\u00ebshtesin dhe k\u00ebshillojn\u00eb grat\u00eb refugjate dhe emigrante dhe f\u00ebmij\u00ebt e tyre n\u00eb Gelsenkirchen, t\u00eb cil\u00ebt k\u00ebrkojn\u00eb k\u00ebshilla.<\/p>\n\n\n\n<p>N\u00eb vitin 2015 u zhvendos\u00ebm nga qendra e k\u00ebshillimit dhe kontaktit t\u00eb grave Gelsenkirchen e.V. u zhvillua si nj\u00eb vet\u00eborganizim migrant\u00ebsh n\u00eb nj\u00eb shoqat\u00eb t\u00eb pavarur. Q\u00eb nga viti 2020 ne jemi an\u00ebtare e \u201eDer Parit\u00e4tische\u201c dhe kemi qendr\u00ebn ton\u00eb t\u00eb grave EFA&#8221; n\u00eb Hiberniastra\u00dfe 6 n\u00eb 45879 Gelsenkirchen.<\/p>\n\n\n\n<p>Si nj\u00eb grup i larmish\u00ebm, nd\u00ebrkomb\u00ebtar i grave, ne duam t&#8217;i mb\u00ebshtesim grat\u00eb kur ato t\u00eb vijn\u00eb n\u00eb komunitet. Fuqizimi &#8220;i ndihmon njer\u00ebzit t\u00eb ndihmojn\u00eb veten n\u00eb t\u00eb gjitha fushat e jet\u00ebs. N\u00eb qendr\u00ebn e grave EFA, \u00ebsht\u00eb ngritur nj\u00eb streh\u00eb nd\u00ebrkulturore specifike p\u00ebr grat\u00eb, e cila ofron akses me prag t\u00eb ul\u00ebt n\u00eb oferta.<\/p>\n\n\n\n<p>Si nj\u00eb grup multikulturor, ne kemi mund\u00ebsin\u00eb t\u00eb k\u00ebshillojm\u00eb grat\u00eb n\u00eb gjuh\u00ebn e tyre amtare, p\u00ebrve\u00e7 gjermanishtes, n\u00eb arabisht, farsi, kurde, shqip dhe turqisht si dhe n\u00eb anglisht dhe fr\u00ebngjisht. Ne d\u00ebshirojm\u00eb t&#8217;u ofrojm\u00eb n\u00ebnave beqare n\u00eb situata t\u00eb v\u00ebshtira jet\u00ebsore, me pak ose aspak njohuri t\u00eb gjermanishtes, nj\u00eb pik\u00eb kontakti nga grat\u00eb p\u00ebr grat\u00eb. Q\u00ebndrimi yn\u00eb ndaj t\u00eb gjitha grave natyrisht karakterizohet nga nj\u00eb nivel i lart\u00eb njohurish dhe respekti p\u00ebr orientimin dhe origjin\u00ebn fetare, kulturore dhe subkulturore.<\/p>\n","protected":false},"excerpt":{"rendered":"<p>Emri i klubit EFA do t\u00eb thot\u00eb gruaja dhe n\u00ebna e par\u00eb p\u00ebr t\u00eb gjith\u00eb njer\u00ebzit, pavar\u00ebsisht origjin\u00ebs apo fes\u00eb. Nj\u00eb grup grash t\u00eb p\u00ebrkushtuara nga e gjith\u00eb bota takohen [&hellip;]<\/p>\n","protected":false},"author":1,"featured_media":0,"parent":0,"menu_order":0,"comment_status":"closed","ping_status":"closed","template":"","meta":{"footnotes":""},"class_list":["post-143","page","type-page","status-publish","hentry"],"translation":{"provider":"WPGlobus","version":"3.0.2","language":"al","enabled_languages":["de","en","fa","ar","al"],"languages":{"de":{"title":true,"content":true,"excerpt":false},"en":{"title":true,"content":true,"excerpt":false},"fa":{"title":true,"content":true,"excerpt":false},"ar":{"title":true,"content":true,"excerpt":false},"al":{"title":true,"content":true,"excerpt":false}}},"_links":{"self":[{"href":"https:\/\/efa-ge.de\/al\/wp-json\/wp\/v2\/pages\/143","targetHints":{"allow":["GET"]}}],"collection":[{"href":"https:\/\/efa-ge.de\/al\/wp-json\/wp\/v2\/pages"}],"about":[{"href":"https:\/\/efa-ge.de\/al\/wp-json\/wp\/v2\/types\/page"}],"author":[{"embeddable":true,"href":"https:\/\/efa-ge.de\/al\/wp-json\/wp\/v2\/users\/1"}],"replies":[{"embeddable":true,"href":"https:\/\/efa-ge.de\/al\/wp-json\/wp\/v2\/comments?post=143"}],"version-history":[{"count":10,"href":"https:\/\/efa-ge.de\/al\/wp-json\/wp\/v2\/pages\/143\/revisions"}],"predecessor-version":[{"id":318,"href":"https:\/\/efa-ge.de\/al\/wp-json\/wp\/v2\/pages\/143\/revisions\/318"}],"wp:attachment":[{"href":"https:\/\/efa-ge.de\/al\/wp-json\/wp\/v2\/media?parent=143"}],"curies":[{"name":"wp","href":"https:\/\/api.w.org\/{rel}","templated":true}]}}